{"id":3131,"date":"2022-06-30T11:26:08","date_gmt":"2022-06-30T09:26:08","guid":{"rendered":"https:\/\/www.centredufilmsurlart.com\/?post_type=date&#038;p=3131"},"modified":"2022-09-26T11:57:34","modified_gmt":"2022-09-26T09:57:34","slug":"pol-bury","status":"publish","type":"date","link":"https:\/\/www.centredufilmsurlart.com\/en\/date\/pol-bury\/","title":{"rendered":"Pol Bury \u2013 La po\u00e9sie de la lenteur"},"content":{"rendered":"<p class=\"qtranxs-available-languages-message qtranxs-available-languages-message-en\">Sorry, this entry is only avai\u00adlable in <a href=\"https:\/\/www.centredufilmsurlart.com\/fr\/wp-json\/wp\/v2\/date\/3131\" class=\"qtranxs-available-language-link qtranxs-available-language-link-fr\" title=\"FR\">FR<\/a>.<\/p><p>Pol Bury, la po\u00e9\u00adsie de la len\u00adteur est un film riche d\u2019images et de t\u00e9moi\u00adgnages, qui donne \u00e0 sen\u00adtir le tra\u00advail de cet artiste hors norme, pro\u00adt\u00e9i\u00adforme, mais obs\u00e9\u00add\u00e9 par une seule et m\u00eame qu\u00eate, celle de la per\u00adcep\u00adtion du temps. Cousu de mul\u00adtiples entre\u00adtiens avec celles et ceux qui lui furent proches (Pierre Alechinsky, Andr\u00e9 Balthazar, Velma Bury, Adrien Maeght), le film per\u00admet de sai\u00adsir le par\u00adcours d\u2019un artiste qui a tra\u00adver\u00ads\u00e9 trois mou\u00adve\u00adments artis\u00adtiques fon\u00adda\u00admen\u00adtaux du 20e si\u00e8cle en Belgique. D\u2019abord, le sur\u00adr\u00e9a\u00adlisme, apr\u00e8s sa ren\u00adcontre tr\u00e8s mar\u00adquante avec Achille Chav\u00e9e. Ensuite, CoBrA, mou\u00adve\u00adment auquel il par\u00adti\u00adci\u00adpa acti\u00adve\u00adment au c\u00f4t\u00e9 de Christian Dotremont. Enfin, la pata\u00adphy\u00adsique en fon\u00addant, avec Andr\u00e9 Balthazar, l\u2019Acad\u00e9mie de Montbliart et le Daily-Bul. Trois \u00e9poques, trois mou\u00adve\u00adments tra\u00adver\u00ads\u00e9s par cet esprit irr\u00e9\u00adv\u00e9\u00adren\u00adcieux, d\u00e9sin\u00advolte et une qu\u00eate infi\u00adnie du renou\u00adveau et d\u2019af\u00adfran\u00adchis\u00adse\u00adment de toutes les contraintes. En un mot, l\u2019esprit Bul, qui comme le d\u00e9fi\u00adnis\u00adsait Andr\u00e9 Balthazar est \u201cune fa\u00e7on de perdre l\u2019\u00e9quilibre (\u2026), une fa\u00e7on d\u2019en dire assez pour ne pas en dire trop.\u201d Une d\u00e9fi\u00adni\u00adtion prise \u00e0 la lettre par le r\u00e9a\u00adli\u00adsa\u00adteur Arthur Ghenne qui ins\u00e8re aux t\u00e9moi\u00adgnages, les images des \u0153uvres de Bury. Ces \u0153uvres tra\u00adversent par\u00adfois les entre\u00adtiens en sur\u00adim\u00adpres\u00adsions ou en super\u00adpo\u00adsi\u00adtions et livrent, sou\u00advent avec humour, les dif\u00adf\u00e9\u00adrentes \u00e9vo\u00adlu\u00adtions et la qu\u00eate d\u2019un homme qui appa\u00adra\u00eet, au fil du film, comme un g\u00e9nial fac\u00e9\u00adtieux. Scand\u00e9 par des inter\u00adviews de l\u2019artiste qui explique son tra\u00advail, \u2018Pol Bury, la po\u00e9\u00adsie de la len\u00adteur\u2019 est un docu\u00adment bour\u00adr\u00e9 d\u2019informations, qui se per\u00admet des clins d\u2019\u0153il pince sans rire (\u201c\u00e0 la Bury\u201d), notam\u00adment quand il d\u00e9forme un por\u00adtrait pour imi\u00adter ses ramol\u00adlis\u00adse\u00adments, intro\u00adduit des cam\u00e9os dans les images ou s\u2019amuse \u00e0 cadrer et d\u00e9ca\u00addrer les \u0153uvres en regard des t\u00e9moignages.<\/p>","protected":false},"featured_media":2144,"template":"","lieux":[5],"class_list":["post-3131","date","type-date","status-publish","has-post-thumbnail","hentry","lieux-cycle-cinemusee-liege"],"_links":{"self":[{"href":"https:\/\/www.centredufilmsurlart.com\/en\/wp-json\/wp\/v2\/date\/3131"}],"collection":[{"href":"https:\/\/www.centredufilmsurlart.com\/en\/wp-json\/wp\/v2\/date"}],"about":[{"href":"https:\/\/www.centredufilmsurlart.com\/en\/wp-json\/wp\/v2\/types\/date"}],"wp:featuredmedia":[{"embeddable":true,"href":"https:\/\/www.centredufilmsurlart.com\/en\/wp-json\/wp\/v2\/media\/2144"}],"wp:attachment":[{"href":"https:\/\/www.centredufilmsurlart.com\/en\/wp-json\/wp\/v2\/media?parent=3131"}],"wp:term":[{"taxonomy":"lieux","embeddable":true,"href":"https:\/\/www.centredufilmsurlart.com\/en\/wp-json\/wp\/v2\/lieux?post=3131"}],"curies":[{"name":"wp","href":"https:\/\/api.w.org\/{rel}","templated":true}]}}