{"id":841,"date":"2020-12-29T15:58:51","date_gmt":"2020-12-29T14:58:51","guid":{"rendered":"http:\/\/centredufilmsurlart.tacticasbl.be\/?page_id=841"},"modified":"2025-02-24T08:55:42","modified_gmt":"2025-02-24T07:55:42","slug":"centre-du-film-sur-lart","status":"publish","type":"page","link":"https:\/\/www.centredufilmsurlart.com\/en\/centre-du-film-sur-lart\/","title":{"rendered":"Centre du Film sur l\u2019Art"},"content":{"rendered":"<p>The Centre du Film sur l\u2019Art was crea\u00adted in 1980 by film direc\u00adtor Henri Storck, in an attempt to sup\u00adport docu\u00admen\u00adta\u00adries focu\u00adsing on artists and the artis\u00adtic process.<\/p>\n<p>Nowadays, the Centre du Film sur l\u2019Art pro\u00advides the public with a wide cata\u00adlogue inclu\u00adding more than 350 films about pain\u00adting, sculp\u00adture, pho\u00adto\u00adgra\u00adphy, music, dance, lite\u00adra\u00adture \u2013 be it ancient, modern or contem\u00adpo\u00adra\u00adry&nbsp;art.<\/p>\n<p>The asso\u00adcia\u00adtion orga\u00adnises public film scree\u00adnings all around Belgium in museums, cultu\u00adral centres, cine\u00admas, art gal\u00adle\u00adries \u2013 or in any other place open to&nbsp;it.<\/p>\n<p>Moreover, the asso\u00adcia\u00adtion makes its films avai\u00adlable to schools, stu\u00addents, sche\u00addu\u00adler, exhi\u00adbi\u00adtion cura\u00adtors \u2013 or anyone who might be inter\u00ades\u00adted in&nbsp;them.<\/p>\n<p>The Centre du Film sur l\u2019Art also puts toge\u00adther the only art film fes\u00adti\u00adval in Belgium, name\u00adly the Brussels Art Film Festival \u2013 BAFF \u2013 a com\u00adpe\u00adti\u00adtive fes\u00adti\u00adval that takes place eve\u00adry November, in part\u00adner\u00adship with CINEMATEK, ISELP, BOZAR and PALACE.<\/p>\n<p>The Centre is fun\u00added by the F\u00e9d\u00e9ration Wallonie-Bruxelles and the Service public fran\u00adco\u00adphone bruxellois.<\/p>\n<p>&nbsp;<\/p>\n<h3>Members<\/h3>\n<p><strong>Dictorate<\/strong><\/p>\n<p>Isabelle Molhant (President), Kathleen de B\u00e9thune (Vice-pre\u00adsident), Sarah Pialeprat (Director), Catherine Delvaux (Treasurer)<\/p>\n<p>Muriel Andrin, Christine Bo\u00ebl, Natacha Derycke, Fabienne Dumont, Adrien Grimmeau, Th\u00e9r\u00e8se Marlier, Fran\u00e7oise Wolff<\/p>\n<p><strong>Assembly<br>\n<\/strong><\/p>\n<p>Muriel Andrin, Michel Baudson, Christine Bo\u00ebl, Dimitra Bouras, Andr\u00e9 Ceuterick, Virginie Cordier, Kathleen de B\u00e9thune, Catherine Delvaux, Natacha Derycke, Nicole d\u2019Huart, Fabienne Dumont, Alain Goossens, Adrien Grimmeau, Andr\u00e9 Lambotte, Wilbur Leguebe, Anne L\u00e9vy-Morelle, Emilio Lopez Menchero, Th\u00e9r\u00e8se Marlier, Isabelle Molhant, Sarah Pialeprat, Fran\u00e7oise Wolff<\/p>","protected":false},"excerpt":{"rendered":"<p>The Centre du Film sur l\u2019Art was crea\u00adted in 1980 by film direc\u00adtor Henri Storck, in an attempt to sup\u00adport docu\u00admen\u00adta\u00adries focu\u00adsing on artists and the artis\u00adtic pro\u00adcess. Nowadays, the Centre du Film sur l\u2019Art pro\u00advides the public with a wide cata\u00adlogue inclu\u00adding more than 350 films about pain\u00adting, sculp\u00adture, pho\u00adto\u00adgra\u00adphy, music, dance, literature&nbsp;\u2013&nbsp;[\u2026]<\/p>\n","protected":false},"author":1,"featured_media":0,"parent":0,"menu_order":0,"comment_status":"closed","ping_status":"closed","template":"","meta":{"wp_typography_post_enhancements_disabled":false,"footnotes":""},"class_list":["post-841","page","type-page","status-publish","hentry"],"_links":{"self":[{"href":"https:\/\/www.centredufilmsurlart.com\/en\/wp-json\/wp\/v2\/pages\/841"}],"collection":[{"href":"https:\/\/www.centredufilmsurlart.com\/en\/wp-json\/wp\/v2\/pages"}],"about":[{"href":"https:\/\/www.centredufilmsurlart.com\/en\/wp-json\/wp\/v2\/types\/page"}],"author":[{"embeddable":true,"href":"https:\/\/www.centredufilmsurlart.com\/en\/wp-json\/wp\/v2\/users\/1"}],"replies":[{"embeddable":true,"href":"https:\/\/www.centredufilmsurlart.com\/en\/wp-json\/wp\/v2\/comments?post=841"}],"version-history":[{"count":33,"href":"https:\/\/www.centredufilmsurlart.com\/en\/wp-json\/wp\/v2\/pages\/841\/revisions"}],"predecessor-version":[{"id":3862,"href":"https:\/\/www.centredufilmsurlart.com\/en\/wp-json\/wp\/v2\/pages\/841\/revisions\/3862"}],"wp:attachment":[{"href":"https:\/\/www.centredufilmsurlart.com\/en\/wp-json\/wp\/v2\/media?parent=841"}],"curies":[{"name":"wp","href":"https:\/\/api.w.org\/{rel}","templated":true}]}}